{"id":3,"date":"2025-07-04T09:38:41","date_gmt":"2025-07-04T09:38:41","guid":{"rendered":"http:\/\/majeurs-proteges.le-hub-assurance.fr\/?page_id=3"},"modified":"2025-08-27T12:04:20","modified_gmt":"2025-08-27T12:04:20","slug":"politique-de-confidentialite","status":"publish","type":"page","link":"https:\/\/majeurs-proteges.le-hub-assurance.fr\/index.php\/politique-de-confidentialite\/","title":{"rendered":"Politique de confidentialit\u00e9"},"content":{"rendered":"\t\t<div data-elementor-type=\"wp-page\" data-elementor-id=\"3\" class=\"elementor elementor-3\" data-elementor-post-type=\"page\">\n\t\t\t\t<div class=\"elementor-element elementor-element-4f912af8 e-flex e-con-boxed wpr-particle-no wpr-jarallax-no wpr-parallax-no wpr-sticky-section-no e-con e-parent\" data-id=\"4f912af8\" data-element_type=\"container\">\n\t\t\t\t\t<div class=\"e-con-inner\">\n\t\t\t\t<div class=\"elementor-element elementor-element-399aeffc elementor-widget elementor-widget-text-editor\" data-id=\"399aeffc\" data-element_type=\"widget\" data-widget_type=\"text-editor.default\">\n\t\t\t\t\t\t\t\t\t<p data-start=\"356\" data-end=\"395\"><strong data-start=\"356\" data-end=\"395\">Derni\u00e8re mise \u00e0 jour : 27 ao\u00fbt 2025<\/strong><\/p>\n<p data-start=\"397\" data-end=\"732\">La pr\u00e9sente Politique explique comment nous collectons, utilisons et prot\u00e9geons vos donn\u00e9es \u00e0 caract\u00e8re personnel lorsque vous consultez le site <strong data-start=\"542\" data-end=\"582\">majeurs-proteges.le-hub-assurance.fr<\/strong> et lorsque vous nous contactez ou remplissez nos formulaires (notamment le formulaire d\u00e9di\u00e9 aux majeurs prot\u00e9g\u00e9s et \u00e0 leurs mandataires judiciaires).<\/p>\n<h2 data-start=\"734\" data-end=\"778\">1) Qui est le responsable du traitement ?<\/h2>\n<p data-start=\"779\" data-end=\"1446\">Le site est op\u00e9r\u00e9 sous la marque <strong data-start=\"812\" data-end=\"832\">Le HUB Assurance<\/strong>, marque d\u00e9pos\u00e9e de la <strong data-start=\"855\" data-end=\"869\">SCIC UDIFE<\/strong>. \u00c0 ce titre, <strong data-start=\"883\" data-end=\"897\">SCIC UDIFE<\/strong> est responsable du traitement pour les op\u00e9rations li\u00e9es au site et aux formulaires de contact. Pour les op\u00e9rations de distribution d\u2019assurances, <strong data-start=\"1043\" data-end=\"1084\">UDIFE Assurances\u2013Assistance Fun\u00e9raire<\/strong> (SASU \u2013 ORIAS 07 027 964) et <strong data-start=\"1114\" data-end=\"1125\">SERENEO<\/strong> (SASU \u2013 ORIAS 17 002 570) interviennent et peuvent agir en qualit\u00e9 de responsables conjoints ou ind\u00e9pendants selon les traitements. Le partenaire assureur <strong data-start=\"1281\" data-end=\"1290\">MUTAC<\/strong> intervient pour la souscription\/gestion du contrat et traite certaines donn\u00e9es en qualit\u00e9 de responsable ind\u00e9pendant. <span class=\"\" data-state=\"closed\"><span class=\"ms-1 inline-flex max-w-full items-center relative top-[-0.094rem] animate-[show_150ms_ease-in]\" data-testid=\"webpage-citation-pill\"><a class=\"flex h-4.5 overflow-hidden rounded-xl px-2 text-[9px] font-medium text-token-text-secondary! bg-[#F4F4F4]! dark:bg-[#303030]! transition-colors duration-150 ease-in-out\" href=\"https:\/\/majeurs-proteges.le-hub-assurance.fr\/\" target=\"_blank\" rel=\"noopener\"><span class=\"relative start-0 bottom-0 flex h-full w-full items-center\"><span class=\"flex h-4 w-full items-center justify-between\"><span class=\"max-w-full grow truncate overflow-hidden text-center\">majeurs-proteges.le-hub-assurance.fr<\/span><\/span><\/span><\/a><\/span><\/span><\/p>\n<p data-start=\"1448\" data-end=\"1529\"><strong data-start=\"1448\" data-end=\"1472\">Coordonn\u00e9es postales<\/strong> (\u00e0 des fins de protection des donn\u00e9es \/ droits RGPD) :<\/p>\n<ul data-start=\"1530\" data-end=\"1958\">\n<li data-start=\"1530\" data-end=\"1630\">\n<p data-start=\"1532\" data-end=\"1630\">SCIC UDIFE \u2013 ZA de Beaus\u00e9jour, <strong data-start=\"1563\" data-end=\"1589\">22490 Pleslin-Trigavou<\/strong>. <span class=\"\" data-state=\"closed\"><span class=\"ms-1 inline-flex max-w-full items-center relative top-[-0.094rem] animate-[show_150ms_ease-in]\" data-testid=\"webpage-citation-pill\"><a class=\"flex h-4.5 overflow-hidden rounded-xl px-2 text-[9px] font-medium text-token-text-secondary! bg-[#F4F4F4]! dark:bg-[#303030]! transition-colors duration-150 ease-in-out\" href=\"https:\/\/www.udife.com\/mentions-legales-2\/?utm_source=chatgpt.com\" target=\"_blank\" rel=\"noopener\"><span class=\"relative start-0 bottom-0 flex h-full w-full items-center\"><span class=\"flex h-4 w-full items-center justify-between overflow-hidden\"><span class=\"max-w-full grow truncate overflow-hidden text-center\">udife.com<\/span><\/span><\/span><\/a><\/span><\/span><\/p>\n<\/li>\n<li data-start=\"1631\" data-end=\"1758\">\n<p data-start=\"1633\" data-end=\"1758\">UDIFE Assurances\u2013Assistance Fun\u00e9raire \u2013 ZA de Beaus\u00e9jour, <strong data-start=\"1691\" data-end=\"1717\">22490 Pleslin-Trigavou<\/strong>. <span class=\"\" data-state=\"closed\"><span class=\"ms-1 inline-flex max-w-full items-center relative top-[-0.094rem] animate-[show_150ms_ease-in]\" data-testid=\"webpage-citation-pill\"><a class=\"flex h-4.5 overflow-hidden rounded-xl px-2 text-[9px] font-medium text-token-text-secondary! bg-[#F4F4F4]! dark:bg-[#303030]! transition-colors duration-150 ease-in-out\" href=\"https:\/\/majeurs-proteges.le-hub-assurance.fr\/\" target=\"_blank\" rel=\"noopener\"><span class=\"relative start-0 bottom-0 flex h-full w-full items-center\"><span class=\"flex h-4 w-full items-center justify-between overflow-hidden\"><span class=\"max-w-full grow truncate overflow-hidden text-center\">majeurs-proteges.le-hub-assurance.fr<\/span><\/span><\/span><\/a><\/span><\/span><\/p>\n<\/li>\n<li data-start=\"1759\" data-end=\"1849\">\n<p data-start=\"1761\" data-end=\"1849\">SERENEO \u2013 22 rue Raoul Dautry, <strong data-start=\"1792\" data-end=\"1808\">35000 Rennes<\/strong>. <span class=\"\" data-state=\"closed\"><span class=\"ms-1 inline-flex max-w-full items-center relative top-[-0.094rem] animate-[show_150ms_ease-in]\" data-testid=\"webpage-citation-pill\"><a class=\"flex h-4.5 overflow-hidden rounded-xl px-2 text-[9px] font-medium text-token-text-secondary! bg-[#F4F4F4]! dark:bg-[#303030]! transition-colors duration-150 ease-in-out\" href=\"https:\/\/majeurs-proteges.le-hub-assurance.fr\/\" target=\"_blank\" rel=\"noopener\"><span class=\"relative start-0 bottom-0 flex h-full w-full items-center\"><span class=\"flex h-4 w-full items-center justify-between overflow-hidden\"><span class=\"max-w-full grow truncate overflow-hidden text-center\">majeurs-proteges.le-hub-assurance.fr<\/span><\/span><\/span><\/a><\/span><\/span><\/p>\n<\/li>\n<li data-start=\"1850\" data-end=\"1958\">\n<p data-start=\"1852\" data-end=\"1958\">MUTAC \u2013 771 avenue Alfred Sauvy \u2013 CS 40069 \u2013 <strong data-start=\"1897\" data-end=\"1919\">34477 P\u00e9rols Cedex<\/strong>. <span class=\"\" data-state=\"closed\"><span class=\"ms-1 inline-flex max-w-full items-center relative top-[-0.094rem] animate-[show_150ms_ease-in]\" data-testid=\"webpage-citation-pill\"><a class=\"flex h-4.5 overflow-hidden rounded-xl px-2 text-[9px] font-medium text-token-text-secondary! bg-[#F4F4F4]! dark:bg-[#303030]! transition-colors duration-150 ease-in-out\" href=\"https:\/\/majeurs-proteges.le-hub-assurance.fr\/\" target=\"_blank\" rel=\"noopener\"><span class=\"relative start-0 bottom-0 flex h-full w-full items-center\"><span class=\"flex h-4 w-full items-center justify-between overflow-hidden\"><span class=\"max-w-full grow truncate overflow-hidden text-center\">majeurs-proteges.le-hub-assurance.fr<\/span><\/span><\/span><\/a><\/span><\/span><\/p>\n<\/li>\n<\/ul>\n<p data-start=\"1960\" data-end=\"1992\"><strong data-start=\"1960\" data-end=\"1988\">Contact vie priv\u00e9e \/ DPO<\/strong> :<\/p>\n<ul data-start=\"1993\" data-end=\"2196\">\n<li data-start=\"1993\" data-end=\"2083\">\n<p data-start=\"1995\" data-end=\"2083\">E-mail de contact UDIFE : <strong data-start=\"2021\" data-end=\"2042\"><a class=\"decorated-link cursor-pointer\" rel=\"noopener\" data-start=\"2023\" data-end=\"2040\">contact@udife.com<\/a><\/strong>. <span class=\"\" data-state=\"closed\"><span class=\"ms-1 inline-flex max-w-full items-center relative top-[-0.094rem] animate-[show_150ms_ease-in]\" data-testid=\"webpage-citation-pill\"><a class=\"flex h-4.5 overflow-hidden rounded-xl px-2 text-[9px] font-medium text-token-text-secondary! bg-[#F4F4F4]! dark:bg-[#303030]! transition-colors duration-150 ease-in-out\" href=\"https:\/\/www.udife.com\/politique-de-confidentialite\/?utm_source=chatgpt.com\" target=\"_blank\" rel=\"noopener\"><span class=\"relative start-0 bottom-0 flex h-full w-full items-center\"><span class=\"flex h-4 w-full items-center justify-between overflow-hidden\"><span class=\"max-w-full grow truncate overflow-hidden text-center\">udife.com<\/span><\/span><\/span><\/a><\/span><\/span><\/p>\n<\/li>\n<\/ul>\n<h2 data-start=\"2198\" data-end=\"2237\">2) Quelles donn\u00e9es collectons-nous ?<\/h2>\n<p data-start=\"2238\" data-end=\"2279\">Selon vos interactions, nous collectons :<\/p>\n<ul data-start=\"2280\" data-end=\"3408\">\n<li data-start=\"2280\" data-end=\"2393\">\n<p data-start=\"2282\" data-end=\"2393\"><strong data-start=\"2282\" data-end=\"2324\">Donn\u00e9es d\u2019identification et de contact<\/strong> : civilit\u00e9, nom(s), pr\u00e9nom(s), adresse postale, e-mail, t\u00e9l\u00e9phone.<\/p>\n<\/li>\n<li data-start=\"2394\" data-end=\"2861\">\n<p data-start=\"2396\" data-end=\"2861\"><strong data-start=\"2396\" data-end=\"2431\">Donn\u00e9es de la personne prot\u00e9g\u00e9e<\/strong> (formulaire \u201cmajeur prot\u00e9g\u00e9\u201d) : \u00e9tat civil complet (dont lieu\/date de naissance, nationalit\u00e9), situation familiale, cat\u00e9gorie socioprofessionnelle, informations budg\u00e9taires (revenus\/charges), patrimoine estimatif, couverture obs\u00e8ques existante, <strong data-start=\"2677\" data-end=\"2702\">volont\u00e9s essentielles<\/strong> (inhumation\/cr\u00e9mation, commune\/cimeti\u00e8re\/concession, souhaits de c\u00e9r\u00e9monie), <strong data-start=\"2780\" data-end=\"2820\">coordonn\u00e9es du mandataire judiciaire<\/strong>. <span class=\"\" data-state=\"closed\"><span class=\"ms-1 inline-flex max-w-full items-center relative top-[-0.094rem] animate-[show_150ms_ease-in]\" data-testid=\"webpage-citation-pill\"><a class=\"flex h-4.5 overflow-hidden rounded-xl px-2 text-[9px] font-medium text-token-text-secondary! bg-[#F4F4F4]! dark:bg-[#303030]! transition-colors duration-150 ease-in-out\" href=\"https:\/\/majeurs-proteges.le-hub-assurance.fr\/\" target=\"_blank\" rel=\"noopener\"><span class=\"relative start-0 bottom-0 flex h-full w-full items-center\"><span class=\"flex h-4 w-full items-center justify-between overflow-hidden\"><span class=\"max-w-full grow truncate overflow-hidden text-center\">majeurs-proteges.le-hub-assurance.fr<\/span><\/span><\/span><\/a><\/span><\/span><\/p>\n<\/li>\n<li data-start=\"2862\" data-end=\"3309\">\n<p data-start=\"2864\" data-end=\"2921\"><strong data-start=\"2864\" data-end=\"2917\">Donn\u00e9es \u201cparticuli\u00e8res\/sensibles\u201d au sens du RGPD<\/strong> :<\/p>\n<ul data-start=\"2924\" data-end=\"3309\">\n<li data-start=\"2924\" data-end=\"2988\">\n<p data-start=\"2926\" data-end=\"2988\"><strong data-start=\"2926\" data-end=\"2935\">Sant\u00e9<\/strong> (ex. question \u201cL\u2019assur\u00e9 est-il en bonne sant\u00e9 ?\u201d),<\/p>\n<\/li>\n<li data-start=\"2991\" data-end=\"3309\">\n<p data-start=\"2993\" data-end=\"3309\"><strong data-start=\"2993\" data-end=\"3020\">Convictions religieuses<\/strong> (ex. choix d\u2019une c\u00e9r\u00e9monie religieuse et du culte).<br data-start=\"3072\" data-end=\"3075\" \/>Ces donn\u00e9es ne sont collect\u00e9es <strong data-start=\"3108\" data-end=\"3129\">que si n\u00e9cessaire<\/strong> \u00e0 la pr\u00e9paration et \u00e0 l\u2019ex\u00e9cution de la prestation d\u2019obs\u00e8ques et <strong data-start=\"3195\" data-end=\"3232\">avec votre consentement explicite<\/strong> (ou celui de la personne habilit\u00e9e). <span class=\"\" data-state=\"closed\"><span class=\"ms-1 inline-flex max-w-full items-center relative top-[-0.094rem] animate-[show_150ms_ease-in]\" data-testid=\"webpage-citation-pill\"><a class=\"flex h-4.5 overflow-hidden rounded-xl px-2 text-[9px] font-medium text-token-text-secondary! bg-[#F4F4F4]! dark:bg-[#303030]! transition-colors duration-150 ease-in-out\" href=\"https:\/\/majeurs-proteges.le-hub-assurance.fr\/\" target=\"_blank\" rel=\"noopener\"><span class=\"relative start-0 bottom-0 flex h-full w-full items-center\"><span class=\"flex h-4 w-full items-center justify-between overflow-hidden\"><span class=\"max-w-full grow truncate overflow-hidden text-center\">majeurs-proteges.le-hub-assurance.fr<\/span><\/span><\/span><\/a><\/span><\/span><\/p>\n<\/li>\n<\/ul>\n<\/li>\n<li data-start=\"3310\" data-end=\"3408\">\n<p data-start=\"3312\" data-end=\"3408\"><strong data-start=\"3312\" data-end=\"3337\">Donn\u00e9es de navigation<\/strong> : traces techniques (logs), cookies et mesures d\u2019audience (voir \u00a7 10).<\/p>\n<\/li>\n<\/ul>\t\t\t\t\t\t\t\t<\/div>\n\t\t\t\t\t<\/div>\n\t\t\t\t<\/div>\n\t\t\t\t<\/div>\n\t\t","protected":false},"excerpt":{"rendered":"<p>Derni\u00e8re mise \u00e0 jour : 27 ao\u00fbt 2025 La pr\u00e9sente Politique explique comment nous collectons, utilisons et prot\u00e9geons vos donn\u00e9es \u00e0 caract\u00e8re personnel lorsque vous consultez le site majeurs-proteges.le-hub-assurance.fr et lorsque vous nous contactez ou remplissez nos formulaires (notamment le formulaire d\u00e9di\u00e9 aux majeurs prot\u00e9g\u00e9s et \u00e0 leurs mandataires judiciaires). 1) Qui est le responsable du traitement ? Le site est op\u00e9r\u00e9 sous la marque Le HUB Assurance, marque d\u00e9pos\u00e9e de la SCIC UDIFE. \u00c0 ce titre, SCIC UDIFE est responsable du traitement pour les op\u00e9rations li\u00e9es au site et aux formulaires de contact. Pour les op\u00e9rations de distribution d\u2019assurances, UDIFE Assurances\u2013Assistance Fun\u00e9raire (SASU \u2013 ORIAS 07 027 964) et SERENEO (SASU \u2013 ORIAS 17 002 570) interviennent et peuvent agir en qualit\u00e9 de responsables conjoints ou ind\u00e9pendants selon les traitements. Le partenaire assureur MUTAC intervient pour la souscription\/gestion du contrat et traite certaines donn\u00e9es en qualit\u00e9 de responsable ind\u00e9pendant. majeurs-proteges.le-hub-assurance.fr Coordonn\u00e9es postales (\u00e0 des fins de protection des donn\u00e9es \/ droits RGPD) : SCIC UDIFE \u2013 ZA de Beaus\u00e9jour, 22490 Pleslin-Trigavou. udife.com UDIFE Assurances\u2013Assistance Fun\u00e9raire \u2013 ZA de Beaus\u00e9jour, 22490 Pleslin-Trigavou. majeurs-proteges.le-hub-assurance.fr SERENEO \u2013 22 rue Raoul Dautry, 35000 Rennes. majeurs-proteges.le-hub-assurance.fr MUTAC \u2013 771 avenue Alfred Sauvy \u2013 CS 40069 \u2013 34477 P\u00e9rols Cedex. majeurs-proteges.le-hub-assurance.fr Contact vie priv\u00e9e \/ DPO : E-mail de contact UDIFE : contact@udife.com. udife.com 2) Quelles donn\u00e9es collectons-nous ? Selon vos interactions, nous collectons : Donn\u00e9es d\u2019identification et de contact : civilit\u00e9, nom(s), pr\u00e9nom(s), adresse postale, e-mail, t\u00e9l\u00e9phone. Donn\u00e9es de la personne prot\u00e9g\u00e9e (formulaire \u201cmajeur prot\u00e9g\u00e9\u201d) : \u00e9tat civil complet (dont lieu\/date de naissance, nationalit\u00e9), situation familiale, cat\u00e9gorie socioprofessionnelle, informations budg\u00e9taires (revenus\/charges), patrimoine estimatif, couverture obs\u00e8ques existante, volont\u00e9s essentielles (inhumation\/cr\u00e9mation, commune\/cimeti\u00e8re\/concession, souhaits de c\u00e9r\u00e9monie), coordonn\u00e9es du mandataire judiciaire. majeurs-proteges.le-hub-assurance.fr Donn\u00e9es \u201cparticuli\u00e8res\/sensibles\u201d au sens du RGPD : Sant\u00e9 (ex. question \u201cL\u2019assur\u00e9 est-il en bonne sant\u00e9 ?\u201d), Convictions religieuses (ex. choix d\u2019une c\u00e9r\u00e9monie religieuse et du culte).Ces donn\u00e9es ne sont collect\u00e9es que si n\u00e9cessaire \u00e0 la pr\u00e9paration et \u00e0 l\u2019ex\u00e9cution de la prestation d\u2019obs\u00e8ques et avec votre consentement explicite (ou celui de la personne habilit\u00e9e). majeurs-proteges.le-hub-assurance.fr Donn\u00e9es de navigation : traces techniques (logs), cookies et mesures d\u2019audience (voir \u00a7 10).<\/p>\n","protected":false},"author":1,"featured_media":0,"parent":0,"menu_order":0,"comment_status":"closed","ping_status":"closed","template":"","meta":{"site-sidebar-layout":"default","site-content-layout":"","ast-site-content-layout":"default","site-content-style":"default","site-sidebar-style":"default","ast-global-header-display":"","ast-banner-title-visibility":"","ast-main-header-display":"","ast-hfb-above-header-display":"","ast-hfb-below-header-display":"","ast-hfb-mobile-header-display":"","site-post-title":"","ast-breadcrumbs-content":"","ast-featured-img":"","footer-sml-layout":"","theme-transparent-header-meta":"","adv-header-id-meta":"","stick-header-meta":"","header-above-stick-meta":"","header-main-stick-meta":"","header-below-stick-meta":"","astra-migrate-meta-layouts":"default","ast-page-background-enabled":"default","ast-page-background-meta":{"desktop":{"background-color":"var(--ast-global-color-5)","background-image":"","background-repeat":"repeat","background-position":"center center","background-size":"auto","background-attachment":"scroll","background-type":"","background-media":"","overlay-type":"","overlay-color":"","overlay-opacity":"","overlay-gradient":""},"tablet":{"background-color":"","background-image":"","background-repeat":"repeat","background-position":"center center","background-size":"auto","background-attachment":"scroll","background-type":"","background-media":"","overlay-type":"","overlay-color":"","overlay-opacity":"","overlay-gradient":""},"mobile":{"background-color":"","background-image":"","background-repeat":"repeat","background-position":"center center","background-size":"auto","background-attachment":"scroll","background-type":"","background-media":"","overlay-type":"","overlay-color":"","overlay-opacity":"","overlay-gradient":""}},"ast-content-background-meta":{"desktop":{"background-color":"var(--ast-global-color-4)","background-image":"","background-repeat":"repeat","background-position":"center center","background-size":"auto","background-attachment":"scroll","background-type":"","background-media":"","overlay-type":"","overlay-color":"","overlay-opacity":"","overlay-gradient":""},"tablet":{"background-color":"var(--ast-global-color-4)","background-image":"","background-repeat":"repeat","background-position":"center center","background-size":"auto","background-attachment":"scroll","background-type":"","background-media":"","overlay-type":"","overlay-color":"","overlay-opacity":"","overlay-gradient":""},"mobile":{"background-color":"var(--ast-global-color-4)","background-image":"","background-repeat":"repeat","background-position":"center center","background-size":"auto","background-attachment":"scroll","background-type":"","background-media":"","overlay-type":"","overlay-color":"","overlay-opacity":"","overlay-gradient":""}},"footnotes":""},"class_list":["post-3","page","type-page","status-publish","hentry"],"_links":{"self":[{"href":"https:\/\/majeurs-proteges.le-hub-assurance.fr\/index.php\/wp-json\/wp\/v2\/pages\/3","targetHints":{"allow":["GET"]}}],"collection":[{"href":"https:\/\/majeurs-proteges.le-hub-assurance.fr\/index.php\/wp-json\/wp\/v2\/pages"}],"about":[{"href":"https:\/\/majeurs-proteges.le-hub-assurance.fr\/index.php\/wp-json\/wp\/v2\/types\/page"}],"author":[{"embeddable":true,"href":"https:\/\/majeurs-proteges.le-hub-assurance.fr\/index.php\/wp-json\/wp\/v2\/users\/1"}],"replies":[{"embeddable":true,"href":"https:\/\/majeurs-proteges.le-hub-assurance.fr\/index.php\/wp-json\/wp\/v2\/comments?post=3"}],"version-history":[{"count":4,"href":"https:\/\/majeurs-proteges.le-hub-assurance.fr\/index.php\/wp-json\/wp\/v2\/pages\/3\/revisions"}],"predecessor-version":[{"id":1402,"href":"https:\/\/majeurs-proteges.le-hub-assurance.fr\/index.php\/wp-json\/wp\/v2\/pages\/3\/revisions\/1402"}],"wp:attachment":[{"href":"https:\/\/majeurs-proteges.le-hub-assurance.fr\/index.php\/wp-json\/wp\/v2\/media?parent=3"}],"curies":[{"name":"wp","href":"https:\/\/api.w.org\/{rel}","templated":true}]}}